{"id":52051,"date":"2026-03-13T11:03:52","date_gmt":"2026-03-13T10:03:52","guid":{"rendered":"https:\/\/cycloclubremois.com\/?page_id=52051"},"modified":"2026-03-13T11:03:52","modified_gmt":"2026-03-13T10:03:52","slug":"qui-sommes-nous","status":"publish","type":"page","link":"https:\/\/cycloclubremois.com\/index.php\/qui-sommes-nous\/","title":{"rendered":"Qui sommes nous ?"},"content":{"rendered":"\n\n\n<!-- ================================================\n     BLOC QUI SOMMES-NOUS - VERSION MODERNE\n     \u00c0 copier dans votre page d'accueil\n     ================================================ -->\n\n<div class=\"bloc-qui-sommes-nous\">\n    \n    <h2>\ud83d\udeb4 Qui sommes-nous ?<\/h2>\n    \n    <span class=\"badge-ccr\">Le CCR<\/span>\n    \n    <div class=\"contenu-qui-sommes-nous\">\n        \n        <p>\n            Le <strong>Cyclo Club R\u00e9mois<\/strong> est un des plus anciens clubs affili\u00e9s \u00e0 la F\u00e9d\u00e9ration Fran\u00e7aise de Cyclotourisme (FFCT). Il n'a pourtant pas pris une ride et fait toujours preuve d'une vitalit\u00e9 sans faiblesse ni rel\u00e2chement.\n        <\/p>\n        \n        <p>\n            Chaque dimanche, et toute l'ann\u00e9e, les cyclos au maillot <span class=\"highlight-sang-or\">\u00ab sang et or \u00bb<\/span> p\u00e9dalent dans la bonne humeur sur toutes les routes de la r\u00e9gion.\n        <\/p>\n        \n        <p>\n            Ils s'en \u00e9vadent souvent vers des horizons plus lointains pour participer aux brevets, randonn\u00e9es et concentrations, des plus modestes aux plus prestigieux : <strong>Bordeaux-Paris, Paris-Roubaix, Paris-Brest-Paris, Brevets Cyclos Montagnards<\/strong>, entre autres. Participation en nombre \u00e9galement aux Semaines f\u00e9d\u00e9rales Internationales de Cyclotourisme, et toutes autres concentrations.\n        <\/p>\n        \n        <p>\n            Chacun peut donc trouver son bonheur selon ses moyens et ses ambitions au sein du C.C.R.\n        <\/p>\n        \n        <p>\n            Chaque hiver, le club organise de janvier \u00e0 mars son traditionnel <a href=\"https:\/\/cycloclubremois.com\/index.php\/rdn-4\/\" style=\"color: #1976d2; font-weight: 600; text-decoration: none;\">Rallye des Neiges<\/a> ouvert \u00e0 tous, une bonne et saine remise en condition qui permet de faire connaissance ou de renouer des liens avec les amis d'autres clubs. Ensuite, toute la gamme des brevets randonneurs et audax\u2026 Depuis 2006, un diaporama vient chaque mardi valoriser la balade dominicale du rallye des neiges.\n        <\/p>\n        \n        <p>\n            En milieu de saison, l'\u00e9preuve phare de la r\u00e9gion, le <a href=\"https:\/\/cycloclubremois.com\/index.php\/50999-2\/\" style=\"color: #1976d2; font-weight: 600; text-decoration: none;\">Brevet Cyclotouriste de la Montagne de Reims<\/a> (le c\u00e9l\u00e8bre <strong>B.C.M.R.<\/strong>) draine vers Reims, environ <strong>1000 \u00e0 1500 cyclos<\/strong> dont bon nombre d'\u00e9trangers. Le succ\u00e8s de cette manifestation n'est plus \u00e0 d\u00e9montrer et a sa place au tout premier rang des \u00e9preuves nationales.\n        <\/p>\n        \n        <!-- STATISTIQUES (optionnel) -->\n        <div class=\"stats-mini\">\n            <div class=\"stat-mini-item\">\n                <span class=\"stat-mini-number\">1932<\/span>\n                <span class=\"stat-mini-label\">Fondation<\/span>\n            <\/div>\n            <div class=\"stat-mini-item\">\n                <span class=\"stat-mini-number\">~100<\/span>\n                <span class=\"stat-mini-label\">Adh\u00e9rents<\/span>\n            <\/div>\n            <div class=\"stat-mini-item\">\n                <span class=\"stat-mini-number\">13<\/span>\n                <span class=\"stat-mini-label\">\u00c9tapes RDN<\/span>\n            <\/div>\n<div class=\"stat-mini-item\">\n                <span class=\"stat-mini-number\">3<\/span>\n                <span class=\"stat-mini-label\">Brevets<\/span>\n            <\/div>\n<div class=\"stat-mini-item\">\n                <span class=\"stat-mini-number\">1<\/span>\n                <span class=\"stat-mini-label\">BCMR<\/span>\n            <\/div>\n<div class=\"stat-mini-item\">\n                <span class=\"stat-mini-number\">Sorties Club<\/span>\n                <span class=\"stat-mini-label\">Mercredis & Dimanches<\/span>\n            <\/div>\n\n        <\/div>\n        \n        <!-- BOUTON -->\n        <a href=\"https:\/\/cycloclubremois.com\/index.php\/informations-utiles\/\" class=\"btn-en-savoir-plus\">\n            \ud83d\udcda En savoir plus\n        <\/a>\n        \n    <\/div>\n    \n<\/div>\n\n\n<!-- ================================================\n     VERSION SANS STATISTIQUES (plus simple)\n     ================================================ -->\n<!--\n<div class=\"bloc-qui-sommes-nous\">\n    \n    <h2>\ud83d\udeb4 Qui sommes-nous ?<\/h2>\n    \n    <span class=\"badge-ccr\">Le CCR<\/span>\n    \n    <div class=\"contenu-qui-sommes-nous\">\n        \n        <p>\n            Le <strong>Cyclo Club R\u00e9mois<\/strong> est un des plus anciens clubs affili\u00e9s \u00e0 la F\u00e9d\u00e9ration Fran\u00e7aise de Cyclotourisme (FFCT)...\n        <\/p>\n        \n        [... votre texte ...]\n        \n        <a href=\"https:\/\/cycloclubremois.com\/index.php\/informations-utiles\/\" class=\"btn-en-savoir-plus\">\n            \ud83d\udcda En savoir plus\n        <\/a>\n        \n    <\/div>\n    \n<\/div>\n-->\n","protected":false},"excerpt":{"rendered":"<p>\ud83d\udeb4 Qui sommes-nous ? Le CCR Le Cyclo Club R\u00e9mois est un des plus anciens clubs affili\u00e9s \u00e0 la F\u00e9d\u00e9ration Fran\u00e7aise de Cyclotourisme (FFCT). Il n&rsquo;a pourtant pas pris une ride et fait toujours preuve d&rsquo;une vitalit\u00e9 sans faiblesse ni rel\u00e2chement. Chaque dimanche, et toute l&rsquo;ann\u00e9e, les cyclos au maillot \u00ab sang et or \u00bb&#8230;<\/p>\n","protected":false},"author":1,"featured_media":0,"parent":0,"menu_order":0,"comment_status":"closed","ping_status":"closed","template":"","meta":{"_acf_changed":false,"inline_featured_image":false,"ngg_post_thumbnail":0,"_kad_post_transparent":"","_kad_post_title":"","_kad_post_layout":"","_kad_post_sidebar_id":"","_kad_post_content_style":"","_kad_post_vertical_padding":"","_kad_post_feature":"","_kad_post_feature_position":"","_kad_post_header":false,"_kad_post_footer":false,"_kad_post_classname":"","footnotes":""},"folder":[],"class_list":["post-52051","page","type-page","status-publish","hentry"],"acf":[],"_links":{"self":[{"href":"https:\/\/cycloclubremois.com\/index.php\/wp-json\/wp\/v2\/pages\/52051","targetHints":{"allow":["GET"]}}],"collection":[{"href":"https:\/\/cycloclubremois.com\/index.php\/wp-json\/wp\/v2\/pages"}],"about":[{"href":"https:\/\/cycloclubremois.com\/index.php\/wp-json\/wp\/v2\/types\/page"}],"author":[{"embeddable":true,"href":"https:\/\/cycloclubremois.com\/index.php\/wp-json\/wp\/v2\/users\/1"}],"replies":[{"embeddable":true,"href":"https:\/\/cycloclubremois.com\/index.php\/wp-json\/wp\/v2\/comments?post=52051"}],"version-history":[{"count":1,"href":"https:\/\/cycloclubremois.com\/index.php\/wp-json\/wp\/v2\/pages\/52051\/revisions"}],"predecessor-version":[{"id":52052,"href":"https:\/\/cycloclubremois.com\/index.php\/wp-json\/wp\/v2\/pages\/52051\/revisions\/52052"}],"wp:attachment":[{"href":"https:\/\/cycloclubremois.com\/index.php\/wp-json\/wp\/v2\/media?parent=52051"}],"wp:term":[{"taxonomy":"folder","embeddable":true,"href":"https:\/\/cycloclubremois.com\/index.php\/wp-json\/wp\/v2\/folder?post=52051"}],"curies":[{"name":"wp","href":"https:\/\/api.w.org\/{rel}","templated":true}]}}