{"id":48573,"date":"2025-12-16T11:25:05","date_gmt":"2025-12-16T10:25:05","guid":{"rendered":"https:\/\/cycloclubremois.com\/?page_id=48573"},"modified":"2025-12-18T08:27:36","modified_gmt":"2025-12-18T07:27:36","slug":"calendrier","status":"publish","type":"page","link":"https:\/\/cycloclubremois.com\/index.php\/calendrier\/","title":{"rendered":"Calendrier des activit\u00e9s"},"content":{"rendered":"<div style=\"display: flex; align-items: stretch; margin-bottom: 15px;\">\n<div style=\"background-color: #2196f3; color: white; padding: 12px; display: flex; align-items: center; justify-content: center; min-width: 70px;\">\u2139<\/div>\n<div class=\"a-noter-box\" style=\"flex: 1; margin-left: 0; border-radius: 0 4px 4px 0; border-left: none;\">Les \u00e9tapes du Rallye des Neiges sont ouverts \u00e0 tous, licenci\u00e9s comme non licenci\u00e9s. cela concernent uniquement les \u00e9v\u00e8nements des mois de Janvier, F\u00e9vrier et Mars<\/div>\n<\/div>\n<div style=\"font-family: Arial, sans-serif; max-width: 600px; margin: 0 auto; padding: 20px; all: initial;\">\n<p> <!-- Menu d\u00e9roulant --><\/p>\n<div style=\"text-align: center; margin-bottom: 20px;\">\n        <select id=\"monthSelector\" onchange=\"location = this.value;\" style=\"padding: 10px; border-radius: 5px; border: 1px solid #ddd; background-color: #fff3cd; color: #ff6b6b; font-weight: bold;\"><option value=\"#\" disabled selected>S\u00e9lectionnez un mois<\/option><option value=\"#janvier\">Janvier<\/option><option value=\"#fevrier\">F\u00e9vrier<\/option><option value=\"#mars\">Mars<\/option><option value=\"#avril\">Avril<\/option><option value=\"#mai\">Mai<\/option><option value=\"#juin\">Juin<\/option><option value=\"#juillet\">Juillet<\/option><option value=\"#aout\">Ao\u00fbt<\/option><option value=\"#septembre\">Septembre<\/option><option value=\"#octobre\">Octobre<\/option><option value=\"#novembre\">Novembre<\/option><option value=\"#decembre\">D\u00e9cembre<\/option><\/select>\n    <\/div>\n<div style=\"font-family: Arial, sans-serif; max-width: 600px; margin: 0 auto; padding: 20px; all: initial;\">\n<div id=\"janvier\" style=\"scroll-margin-top: 80px;\">\n    <!-- En-t\u00eate du mois : Janvier 2026 --><\/p>\n<div style=\"background-color: #fff3cd !important; padding: 10px !important; border-radius: 5px !important; margin-bottom: 20px !important; display: flex !important; align-items: center !important; gap: 10px !important;\">\n<div style=\"font-size: 1.2em !important;\">\ud83d\udcc5<\/div>\n<div style=\"color: #ff6b6b !important; font-weight: bold !important;\">Janvier 2026<\/div>\n<\/p><\/div>\n<p><!-- \u00c9v\u00e9nement : 4 janvier --><\/p>\n<div style=\"background-color: #fff9e6; border-left: 4px solid #ff6b6b; padding: 15px; margin-bottom: 15px; border-radius: 0 5px 5px 0;\">\n<div style=\"font-weight: bold; color: #ff6b6b; margin-bottom: 10px;\">4 janvier<\/div>\n<div style=\"display: flex; align-items: center; gap: 10px; margin-bottom: 10px;\">\n<div>\ud83d\udeb4\u200d\u2642\ufe0f<\/div>\n<div style=\"color: #ff6b6b; font-weight: bold;\"><a href=\"https:\/\/cycloclubremois.com\/index.php\/etape-1-rdn\/\">Rallye des Neiges \u2013 \u00c9tape 1<\/a><\/div>\n<\/div>\n<div style=\"color: #666; font-style: italic; margin-bottom: 15px;\">D\u00e9part : Libre<\/div>\n<p><a style=\"display: inline-block; background-color: #ff6b6b; color: white; padding: 8px 15px; border-radius: 5px; text-decoration: none; font-weight: bold;\" href=\"https:\/\/cycloclubremois.com\/index.php\/rdn-4\/inscription-rdn-2025\/\">Pour vous inscrire<\/a><\/p>\n<\/div>\n<p><!-- \u00c9v\u00e9nement : 11 janvier --><\/p>\n<div style=\"background-color: #fff9e6; border-left: 4px solid #ff6b6b; padding: 15px; margin-bottom: 15px; border-radius: 0 5px 5px 0;\">\n<div style=\"font-weight: bold; color: #ff6b6b; margin-bottom: 10px;\">11 janvier<\/div>\n<div style=\"display: flex; align-items: center; gap: 10px; margin-bottom: 10px;\">\n<div>\ud83d\udeb4\u200d\u2642\ufe0f<\/div>\n<div style=\"color: #ff6b6b; font-weight: bold;\"><a href=\"https:\/\/cycloclubremois.com\/index.php\/etape-2-mailly-champagne\/\">Rallye des Neiges \u2013 \u00c9tape 2<\/a><\/div>\n<\/div>\n<div style=\"color: #666; font-style: italic; margin-bottom: 15px;\">D\u00e9part : Libre<\/div>\n<p><a style=\"display: inline-block; background-color: #ff6b6b; color: white; padding: 8px 15px; border-radius: 5px; text-decoration: none; font-weight: bold;\" href=\"https:\/\/cycloclubremois.com\/index.php\/rdn-4\/inscription-rdn-2025\/\">Pour vous inscrire<\/a><\/p>\n<\/div>\n<p><!-- \u00c9v\u00e9nement : 18 janvier --><\/p>\n<div style=\"background-color: #fff9e6; border-left: 4px solid #ff6b6b; padding: 15px; margin-bottom: 15px; border-radius: 0 5px 5px 0;\">\n<div style=\"font-weight: bold; color: #ff6b6b; margin-bottom: 10px;\">18 janvier<\/div>\n<div style=\"display: flex; align-items: center; gap: 10px; margin-bottom: 10px;\">\n<div>\ud83d\udeb4\u200d\u2642\ufe0f<\/div>\n<div style=\"color: #ff6b6b; font-weight: bold;\"><a href=\"https:\/\/cycloclubremois.com\/index.php\/etape-3-hermonville\/\">Rallye des Neiges \u2013 \u00c9tape 3<\/a><\/div>\n<\/div>\n<div style=\"color: #666; font-style: italic; margin-bottom: 15px;\">D\u00e9part : Libre<\/div>\n<p><a style=\"display: inline-block; background-color: #ff6b6b; color: white; padding: 8px 15px; border-radius: 5px; text-decoration: none; font-weight: bold;\" href=\"https:\/\/cycloclubremois.com\/index.php\/rdn-4\/inscription-rdn-2025\/\">Pour vous inscrire<\/a><\/p>\n<\/div>\n<p><!-- \u00c9v\u00e9nement : 25 janvier --><\/p>\n<div style=\"background-color: #fff9e6; border-left: 4px solid #ff6b6b; padding: 15px; margin-bottom: 15px; border-radius: 0 5px 5px 0;\">\n<div style=\"font-weight: bold; color: #ff6b6b; margin-bottom: 10px;\">25 janvier<\/div>\n<div style=\"display: flex; align-items: center; gap: 10px; margin-bottom: 10px;\">\n<div>\ud83d\udeb4\u200d\u2642\ufe0f<\/div>\n<div style=\"color: #ff6b6b; font-weight: bold;\"><a href=\"https:\/\/cycloclubremois.com\/index.php\/etape-4-saint-etienne-sur-suippe\/\">Rallye des Neiges \u2013 \u00c9tape 4<\/a><\/div>\n<\/div>\n<div style=\"color: #666; font-style: italic; margin-bottom: 15px;\">D\u00e9part : Libre<\/div>\n<p><a style=\"display: inline-block; background-color: #ff6b6b; color: white; padding: 8px 15px; border-radius: 5px; text-decoration: none; font-weight: bold;\" href=\"https:\/\/cycloclubremois.com\/index.php\/rdn-4\/inscription-rdn-2025\/\">Pour vous inscrire<\/a><\/p>\n<\/div>\n<p><!-- En-t\u00eate du mois : F\u00e9vrier 2026 --><\/p>\n<div id=\"fevrier\" style=\"scroll-margin-top: 80px;\"><\/div>\n<div style=\"background-color: #fff3cd; padding: 10px; border-radius: 5px; margin-bottom: 20px; display: flex; align-items: center; gap: 10px;\">\n<div style=\"font-size: 1.2em;\">\ud83d\udcc5<\/div>\n<div style=\"color: #ff6b6b; font-weight: bold;\">F\u00e9vrier 2026<\/div>\n<\/div>\n<p><!-- \u00c9v\u00e9nement : 1 f\u00e9vrier --><\/p>\n<div style=\"background-color: #fff9e6; border-left: 4px solid #ff6b6b; padding: 15px; margin-bottom: 15px; border-radius: 0 5px 5px 0;\">\n<div style=\"font-weight: bold; color: #ff6b6b; margin-bottom: 10px;\">1 f\u00e9vrier<\/div>\n<div style=\"display: flex; align-items: center; gap: 10px; margin-bottom: 10px;\">\n<div>\ud83d\udeb4\u200d\u2642\ufe0f<\/div>\n<div style=\"color: #ff6b6b; font-weight: bold;\"><a href=\"https:\/\/cycloclubremois.com\/index.php\/etape-5-trigny\/\">Rallye des Neiges \u2013 \u00c9tape 5<\/a><\/div>\n<\/div>\n<div style=\"color: #666; font-style: italic; margin-bottom: 15px;\">D\u00e9part : Libre<\/div>\n<p><a style=\"display: inline-block; background-color: #ff6b6b; color: white; padding: 8px 15px; border-radius: 5px; text-decoration: none; font-weight: bold;\" href=\"https:\/\/cycloclubremois.com\/index.php\/rdn-4\/inscription-rdn-2025\/\">Pour vous inscrire<\/a><\/p>\n<\/div>\n<p><!-- \u00c9v\u00e9nement : 8 f\u00e9vrier --><\/p>\n<div style=\"background-color: #fff9e6; border-left: 4px solid #ff6b6b; padding: 15px; margin-bottom: 15px; border-radius: 0 5px 5px 0;\">\n<div style=\"font-weight: bold; color: #ff6b6b; margin-bottom: 10px;\">8 f\u00e9vrier<\/div>\n<div style=\"display: flex; align-items: center; gap: 10px; margin-bottom: 10px;\">\n<div>\ud83d\udeb4\u200d\u2642\ufe0f<\/div>\n<div style=\"color: #ff6b6b; font-weight: bold;\"><a href=\"https:\/\/cycloclubremois.com\/index.php\/etape-6-boult-sur-suippe\/\">Rallye des Neiges \u2013 \u00c9tape 6<\/a><\/div>\n<\/div>\n<div style=\"color: #666; font-style: italic; margin-bottom: 15px;\">D\u00e9part : Libre<\/div>\n<p><a style=\"display: inline-block; background-color: #ff6b6b; color: white; padding: 8px 15px; border-radius: 5px; text-decoration: none; font-weight: bold;\" href=\"https:\/\/cycloclubremois.com\/index.php\/rdn-4\/inscription-rdn-2025\/\">Pour vous inscrire<\/a><\/p>\n<\/div>\n<p><!-- \u00c9v\u00e9nement : 15 f\u00e9vrier --><\/p>\n<div style=\"background-color: #fff9e6; border-left: 4px solid #ff6b6b; padding: 15px; margin-bottom: 15px; border-radius: 0 5px 5px 0;\">\n<div style=\"font-weight: bold; color: #ff6b6b; margin-bottom: 10px;\">15 f\u00e9vrier<\/div>\n<div style=\"display: flex; align-items: center; gap: 10px; margin-bottom: 10px;\">\n<div>\ud83d\udeb4\u200d\u2642\ufe0f<\/div>\n<div style=\"color: #ff6b6b; font-weight: bold;\"><a href=\"https:\/\/cycloclubremois.com\/index.php\/etape-7-janvry\/\">Rallye des Neiges \u2013 \u00c9tape 7<\/a><\/div>\n<\/div>\n<div style=\"color: #666; font-style: italic; margin-bottom: 15px;\">D\u00e9part : Libre<\/div>\n<p><a style=\"display: inline-block; background-color: #ff6b6b; color: white; padding: 8px 15px; border-radius: 5px; text-decoration: none; font-weight: bold;\" href=\"https:\/\/cycloclubremois.com\/index.php\/rdn-4\/inscription-rdn-2025\/\">Pour vous inscrire<\/a><\/p>\n<\/div>\n<p><!-- \u00c9v\u00e9nement : 22 f\u00e9vrier --><\/p>\n<div style=\"background-color: #fff9e6; border-left: 4px solid #ff6b6b; padding: 15px; margin-bottom: 15px; border-radius: 0 5px 5px 0;\">\n<div style=\"font-weight: bold; color: #ff6b6b; margin-bottom: 10px;\">22 f\u00e9vrier<\/div>\n<div style=\"display: flex; align-items: center; gap: 10px; margin-bottom: 10px;\">\n<div>\ud83d\udeb4\u200d\u2642\ufe0f<\/div>\n<div style=\"color: #ff6b6b; font-weight: bold;\"><a href=\"https:\/\/cycloclubremois.com\/index.php\/etape-8-ecueil-la-garenne\/\">Rallye des Neiges \u2013 \u00c9tape 8<\/a><\/div>\n<\/div>\n<div style=\"color: #666; font-style: italic; margin-bottom: 15px;\">D\u00e9part : Libre<\/div>\n<p><a style=\"display: inline-block; background-color: #ff6b6b; color: white; padding: 8px 15px; border-radius: 5px; text-decoration: none; font-weight: bold;\" href=\"https:\/\/cycloclubremois.com\/index.php\/rdn-4\/inscription-rdn-2025\/\">Pour vous inscrire<\/a><\/p>\n<\/div>\n<p><!-- En-t\u00eate du mois : Mars 2026 --><\/p>\n<div id=\"mars\" style=\"scroll-margin-top: 80px;\"><\/div>\n<div style=\"background-color: #fff3cd; padding: 10px; border-radius: 5px; margin-bottom: 20px; display: flex; align-items: center; gap: 10px;\">\n<div style=\"font-size: 1.2em;\">\ud83d\udcc5<\/div>\n<div style=\"color: #ff6b6b; font-weight: bold;\">Mars 2026<\/div>\n<\/div>\n<p><!-- \u00c9v\u00e9nement : 1 mars--><\/p>\n<div style=\"background-color: #fff9e6; border-left: 4px solid #ff6b6b; padding: 15px; margin-bottom: 15px; border-radius: 0 5px 5px 0;\">\n<div style=\"font-weight: bold; color: #ff6b6b; margin-bottom: 10px;\">1 Mars<\/div>\n<div style=\"display: flex; align-items: center; gap: 10px; margin-bottom: 10px;\">\n<div>\ud83d\udeb4\u200d\u2642\ufe0f<\/div>\n<div style=\"color: #ff6b6b; font-weight: bold;\"><a href=\"https:\/\/cycloclubremois.com\/index.php\/etape-9-mery-premecy\/\">Rallye des Neiges \u2013 \u00c9tape 9<\/a><\/div>\n<\/div>\n<div style=\"color: #666; font-style: italic; margin-bottom: 15px;\">D\u00e9part : Libre<\/div>\n<p><a style=\"display: inline-block; background-color: #ff6b6b; color: white; padding: 8px 15px; border-radius: 5px; text-decoration: none; font-weight: bold;\" href=\"https:\/\/cycloclubremois.com\/index.php\/rdn-4\/inscription-rdn-2025\/\">Pour vous inscrire<\/a><\/p>\n<\/div>\n<p><!-- \u00c9v\u00e9nement : 8 mars--><\/p>\n<div style=\"background-color: #fff9e6; border-left: 4px solid #ff6b6b; padding: 15px; margin-bottom: 15px; border-radius: 0 5px 5px 0;\">\n<div style=\"font-weight: bold; color: #ff6b6b; margin-bottom: 10px;\">8 Mars<\/div>\n<div style=\"display: flex; align-items: center; gap: 10px; margin-bottom: 10px;\">\n<div>\ud83d\udeb4\u200d\u2642\ufe0f<\/div>\n<div style=\"color: #ff6b6b; font-weight: bold;\"><a href=\"https:\/\/cycloclubremois.com\/index.php\/etape-10-bazancourt\/\">Rallye des Neiges \u2013 \u00c9tape 10<\/a><\/div>\n<\/div>\n<div style=\"color: #666; font-style: italic; margin-bottom: 15px;\">D\u00e9part : Libre<\/div>\n<p><a style=\"display: inline-block; background-color: #ff6b6b; color: white; padding: 8px 15px; border-radius: 5px; text-decoration: none; font-weight: bold;\" href=\"https:\/\/cycloclubremois.com\/index.php\/rdn-4\/inscription-rdn-2025\/\">Pour vous inscrire<\/a><\/p>\n<\/div>\n<p><!-- \u00c9v\u00e9nement : 15 mars--><\/p>\n<div style=\"background-color: #fff9e6; border-left: 4px solid #ff6b6b; padding: 15px; margin-bottom: 15px; border-radius: 0 5px 5px 0;\">\n<div style=\"font-weight: bold; color: #ff6b6b; margin-bottom: 10px;\">15 Mars<\/div>\n<div style=\"display: flex; align-items: center; gap: 10px; margin-bottom: 10px;\">\n<div>\ud83d\udeb4\u200d\u2642\ufe0f<\/div>\n<div style=\"color: #ff6b6b; font-weight: bold;\"><a href=\"https:\/\/cycloclubremois.com\/index.php\/etape-11-vrigny\/\">Rallye des Neiges \u2013 \u00c9tape 11<\/a><\/div>\n<\/div>\n<div style=\"color: #666; font-style: italic; margin-bottom: 15px;\">D\u00e9part : Libre<\/div>\n<p><a style=\"display: inline-block; background-color: #ff6b6b; color: white; padding: 8px 15px; border-radius: 5px; text-decoration: none; font-weight: bold;\" href=\"https:\/\/cycloclubremois.com\/index.php\/rdn-4\/inscription-rdn-2025\/\">Pour vous inscrire<\/a><\/p>\n<\/div>\n<p><!-- \u00c9v\u00e9nement : 22 mars--><\/p>\n<div style=\"background-color: #fff9e6; border-left: 4px solid #ff6b6b; padding: 15px; margin-bottom: 15px; border-radius: 0 5px 5px 0;\">\n<div style=\"font-weight: bold; color: #ff6b6b; margin-bottom: 10px;\">22 Mars<\/div>\n<div style=\"display: flex; align-items: center; gap: 10px; margin-bottom: 10px;\">\n<div>\ud83d\udeb4\u200d\u2642\ufe0f<\/div>\n<div style=\"color: #ff6b6b; font-weight: bold;\"><a href=\"https:\/\/cycloclubremois.com\/index.php\/etape-12-bourgogne\/\">Rallye des Neiges \u2013 \u00c9tape 12<\/a><\/div>\n<\/div>\n<div style=\"color: #666; font-style: italic; margin-bottom: 15px;\">D\u00e9part : Libre<\/div>\n<p><a style=\"display: inline-block; background-color: #ff6b6b; color: white; padding: 8px 15px; border-radius: 5px; text-decoration: none; font-weight: bold;\" href=\"https:\/\/cycloclubremois.com\/index.php\/rdn-4\/inscription-rdn-2025\/\">Pour vous inscrire<\/a><\/p>\n<\/div>\n<p><!-- \u00c9v\u00e9nement : 29 mars--><\/p>\n<div style=\"background-color: #fff9e6; border-left: 4px solid #ff6b6b; padding: 15px; margin-bottom: 15px; border-radius: 0 5px 5px 0;\">\n<div style=\"font-weight: bold; color: #ff6b6b; margin-bottom: 10px;\">29 Mars<\/div>\n<div style=\"display: flex; align-items: center; gap: 10px; margin-bottom: 10px;\">\n<div>\ud83d\udeb4\u200d\u2642\ufe0f<\/div>\n<div style=\"color: #ff6b6b; font-weight: bold;\"><a href=\"https:\/\/cycloclubremois.com\/index.php\/etape-13-beine-nauroy\/\">Rallye des Neiges \u2013 \u00c9tape 13<\/a><\/div>\n<\/div>\n<div style=\"color: #666; font-style: italic; margin-bottom: 15px;\">D\u00e9part : Libre<\/div>\n<p><a style=\"display: inline-block; background-color: #ff6b6b; color: white; padding: 8px 15px; border-radius: 5px; text-decoration: none; font-weight: bold;\" href=\"https:\/\/cycloclubremois.com\/index.php\/rdn-4\/inscription-rdn-2025\/\">Pour vous inscrire<\/a><\/p>\n<\/div>\n<p><!-- En-t\u00eate du mois : Avril 2026 --><\/p>\n<div id=\"avril\" style=\"scroll-margin-top: 80px;\"><\/div>\n<div style=\"background-color: #fff3cd; padding: 10px; border-radius: 5px; margin-bottom: 20px; display: flex; align-items: center; gap: 10px;\">\n<div style=\"font-size: 1.2em;\">\ud83d\udcc5<\/div>\n<div style=\"color: #ff6b6b; font-weight: bold;\">Avril 2026<\/div>\n<\/div>\n<p><!-- \u00c9v\u00e9nement : 4 Avril--><\/p>\n<div style=\"background-color: #fff9e6; border-left: 4px solid #ff6b6b; padding: 15px; margin-bottom: 15px; border-radius: 0 5px 5px 0;\">\n<div style=\"font-weight: bold; color: #ff6b6b; margin-bottom: 10px;\">4 Avril<\/div>\n<div style=\"display: flex; align-items: center; gap: 10px; margin-bottom: 10px;\">\n<div>\ud83d\udeb4\u200d\u2642\ufe0f<\/div>\n<div style=\"color: #ff6b6b; font-weight: bold;\"><a href=\"'\">Brevet 100 km<\/a><\/div>\n<\/div>\n<div style=\"color: #666; font-style: italic; margin-bottom: 15px;\">D\u00e9part : Si\u00e8ge du CCR, 53 Esp. Fl\u00e9chambault, 51100 Reims. Horaire de d\u00e9part : Entre 13h00 et 13h30<\/div>\n<p><a style=\"display: inline-block; background-color: #ff6b6b; color: white; padding: 8px 15px; border-radius: 5px; text-decoration: none; font-weight: bold;\" href=\"https:\/\/cycloclubremois.com\/index.php\/brevets\/\">Pour vous renseigner <\/a><\/p>\n<\/div>\n<p><!-- \u00c9v\u00e9nement : 11 Avril--><\/p>\n<div style=\"background-color: #fff9e6; border-left: 4px solid #ff6b6b; padding: 15px; margin-bottom: 15px; border-radius: 0 5px 5px 0;\">\n<div style=\"font-weight: bold; color: #ff6b6b; margin-bottom: 10px;\">11 Avril<\/div>\n<div style=\"display: flex; align-items: center; gap: 10px; margin-bottom: 10px;\">\n<div>\ud83d\udeb4\u200d\u2642\ufe0f<\/div>\n<div style=\"color: #ff6b6b; font-weight: bold;\"><a href=\"'\">Brevet 150 km<\/a><\/div>\n<\/div>\n<div style=\"color: #666; font-style: italic; margin-bottom: 15px;\">D\u00e9part : Si\u00e8ge du CCR, 53 Esp. Fl\u00e9chambault, 51100 Reims. Horaire de d\u00e9part : Entre 13h00 et 13h30<\/div>\n<p><a style=\"display: inline-block; background-color: #ff6b6b; color: white; padding: 8px 15px; border-radius: 5px; text-decoration: none; font-weight: bold;\" href=\"https:\/\/cycloclubremois.com\/index.php\/brevets\/\">Pour vous renseigner<\/a><\/p>\n<\/div>\n<p><!-- \u00c9v\u00e9nement : 25 Avril--><\/p>\n<div style=\"background-color: #fff9e6; border-left: 4px solid #ff6b6b; padding: 15px; margin-bottom: 15px; border-radius: 0 5px 5px 0;\">\n<div style=\"font-weight: bold; color: #ff6b6b; margin-bottom: 10px;\">25 Avril<\/div>\n<div style=\"display: flex; align-items: center; gap: 10px; margin-bottom: 10px;\">\n<div>\ud83d\udeb4\u200d\u2642\ufe0f<\/div>\n<div style=\"color: #ff6b6b; font-weight: bold;\"><a href=\"'\">Brevet 200 km<\/a><\/div>\n<\/div>\n<div style=\"color: #666; font-style: italic; margin-bottom: 15px;\">D\u00e9part : Si\u00e8ge du CCR, 53 Esp. Fl\u00e9chambault, 51100 Reims. Horaire de d\u00e9part : Entre 7h00 et 7h30<\/div>\n<p><a style=\"display: inline-block; background-color: #ff6b6b; color: white; padding: 8px 15px; border-radius: 5px; text-decoration: none; font-weight: bold;\" href=\"https:\/\/cycloclubremois.com\/index.php\/rdn-4\/inscription-rdn-2025\/\">Pour vous renseigner<\/a><\/p>\n<\/div>\n<\/div>\n<p><!-- En-t\u00eate du mois : Mai 2026 --><\/p>\n<div id=\"mai\" style=\"scroll-margin-top: 80px;\"><\/div>\n<div style=\"background-color: #fff3cd; padding: 10px; border-radius: 5px; margin-bottom: 20px; display: flex; align-items: center; gap: 10px;\">\n<div style=\"font-size: 1.2em;\">\ud83d\udcc5<\/div>\n<div style=\"color: #ff6b6b; font-weight: bold;\">Mai 2026<\/div>\n<\/div>\n<p><!-- \u00c9v\u00e9nement : xx Mai --><\/p>\n<div style=\"background-color: #fff9e6; border-left: 4px solid #ff6b6b; padding: 15px; margin-bottom: 15px; border-radius: 0 5px 5px 0;\">\n<div style=\"font-weight: bold; color: #ff6b6b; margin-bottom: 10px;\">xx Mai<\/div>\n<div style=\"display: flex; align-items: center; gap: 10px; margin-bottom: 10px;\">\n<div>\ud83d\udeb4\u200d\u2642\ufe0f<\/div>\n<div style=\"color: #ff6b6b; font-weight: bold;\"><a href=\"'\">Randonn\u00e9e des ain\u00e9s<\/a><\/div>\n<\/div>\n<div style=\"color: #666; font-style: italic; margin-bottom: 15px;\">D\u00e9part : Si\u00e8ge du CCR, 53 Esp. Fl\u00e9chambault, 51100 Reims. Horaire de d\u00e9part : Entre<\/div>\n<p><a style=\"display: inline-block; background-color: #ff6b6b; color: white; padding: 8px 15px; border-radius: 5px; text-decoration: none; font-weight: bold;\" href=\"'\/\">Pour vous renseigner, contacter Christian ou Philippe <\/a><\/p>\n<\/div>\n<p><!-- \u00c9v\u00e9nement : fin Mai --><\/p>\n<div style=\"background-color: #fff9e6; border-left: 4px solid #ff6b6b; padding: 15px; margin-bottom: 15px; border-radius: 0 5px 5px 0;\">\n<div style=\"font-weight: bold; color: #ff6b6b; margin-bottom: 10px;\">Du 26 au 31 mai<\/div>\n<div style=\"display: flex; align-items: center; gap: 10px; margin-bottom: 10px;\">\n<div>\ud83d\udeb4\u200d\u2642\ufe0f<\/div>\n<div style=\"color: #ff6b6b; font-weight: bold;\"><a href=\"'\">Mer Montagne <\/a><\/div>\n<\/div>\n<div style=\"color: #666; font-style: italic; margin-bottom: 15px;\">D\u00e9part : Si\u00e8ge du CCR, 53 Esp. Fl\u00e9chambault, 51100 Reims. Horaire de d\u00e9part :<\/div>\n<p><a style=\"display: inline-block; background-color: #ff6b6b; color: white; padding: 8px 15px; border-radius: 5px; text-decoration: none; font-weight: bold;\" href=\"'\/\">Pour vous renseigner, contacter Florian, Joel G ou Joel F <\/a><\/p>\n<\/div>\n<p><!-- En-t\u00eate du mois : Juin 2026 --><\/p>\n<div id=\"juin\" style=\"scroll-margin-top: 80px;\"><\/div>\n<div style=\"background-color: #fff3cd; padding: 10px; border-radius: 5px; margin-bottom: 20px; display: flex; align-items: center; gap: 10px;\">\n<div style=\"font-size: 1.2em;\">\ud83d\udcc5<\/div>\n<div style=\"color: #ff6b6b; font-weight: bold;\">Juin 2026<\/div>\n<\/div>\n<p><!-- \u00c9v\u00e9nement : 28 Juin --><\/p>\n<div style=\"background-color: #fff9e6; border-left: 4px solid #ff6b6b; padding: 15px; margin-bottom: 15px; border-radius: 0 5px 5px 0;\">\n<div style=\"font-weight: bold; color: #ff6b6b; margin-bottom: 10px;\">28 juin<\/div>\n<div style=\"display: flex; align-items: center; gap: 10px; margin-bottom: 10px;\">\n<div>\ud83d\udeb4\u200d\u2642\ufe0f<\/div>\n<div style=\"color: #ff6b6b; font-weight: bold;\"><a href=\"'\">Brevet Cyclo de la Montagne de Reims<\/a><\/div>\n<\/div>\n<div style=\"color: #666; font-style: italic; margin-bottom: 15px;\">D\u00e9part : Foyer rural de Champfleury. Horaire de d\u00e9part : A partir de 6 heures<\/div>\n<p><a style=\"display: inline-block; background-color: #ff6b6b; color: white; padding: 8px 15px; border-radius: 5px; text-decoration: none; font-weight: bold;\" href=\"https:\/\/cycloclubremois.com\/index.php\/bcmr-2025\/\">Pour vous inscrire <\/a><\/p>\n<\/div>\n<p><!-- En-t\u00eate du mois : Aout 2026 --><\/p>\n<div id=\"aout\" style=\"scroll-margin-top: 80px;\"><\/div>\n<div style=\"background-color: #fff3cd; padding: 10px; border-radius: 5px; margin-bottom: 20px; display: flex; align-items: center; gap: 10px;\">\n<div style=\"font-size: 1.2em;\">\ud83d\udcc5<\/div>\n<div style=\"color: #ff6b6b; font-weight: bold;\">Aout 2026<\/div>\n<\/div>\n<p><!-- \u00c9v\u00e9nement : Debut Aout--><\/p>\n<div style=\"background-color: #fff9e6; border-left: 4px solid #ff6b6b; padding: 15px; margin-bottom: 15px; border-radius: 0 5px 5px 0;\">\n<div style=\"font-weight: bold; color: #ff6b6b; margin-bottom: 10px;\">Du 02 au 09 aout<\/div>\n<div style=\"display: flex; align-items: center; gap: 10px; margin-bottom: 10px;\">\n<div>\ud83d\udeb4\u200d\u2642\ufe0f<\/div>\n<div style=\"color: #ff6b6b; font-weight: bold;\"><a href=\"'\">Semaine F\u00e9d\u00e9rale \u00e0 Chteau Gontier<\/a><\/div>\n<\/div>\n<div style=\"color: #666; font-style: italic; margin-bottom: 15px;\">D\u00e9part : Si\u00e8ge du CCR, 53 Esp. Fl\u00e9chambault, 51100 Reims. Horaire de d\u00e9part : Entre 13h00 et 13h30<\/div>\n<p><a style=\"display: inline-block; background-color: #ff6b6b; color: white; padding: 8px 15px; border-radius: 5px; text-decoration: none; font-weight: bold;\" href=\"'\/\">Pour vous renseigner, contacter <\/a> <\/div>\n<p><!-- En-t\u00eate du mois : Octobre 2026 --><\/p>\n<div id=\"octobre\" style=\"scroll-margin-top: 80px;\"><\/div>\n<div style=\"background-color: #fff3cd; padding: 10px; border-radius: 5px; margin-bottom: 20px; display: flex; align-items: center; gap: 10px;\">\n<div style=\"font-size: 1.2em;\">\ud83d\udcc5<\/div>\n<div style=\"color: #ff6b6b; font-weight: bold;\">Octobre 2026<\/div>\n<\/div>\n<p><!-- \u00c9v\u00e9nement : xx Octobre--><\/p>\n<div style=\"background-color: #fff9e6; border-left: 4px solid #ff6b6b; padding: 15px; margin-bottom: 15px; border-radius: 0 5px 5px 0;\">\n<div style=\"font-weight: bold; color: #ff6b6b; margin-bottom: 10px;\">xx Octobre<\/div>\n<div style=\"display: flex; align-items: center; gap: 10px; margin-bottom: 10px;\">\n<div>\ud83d\udeb4\u200d\u2642\ufe0f<\/div>\n<div style=\"color: #ff6b6b; font-weight: bold;\"><a href=\"'\">La Demarno<\/a><\/div>\n<\/div>\n<div style=\"color: #666; font-style: italic; margin-bottom: 15px;\">D\u00e9part : Si\u00e8ge du CCR, 53 Esp. Fl\u00e9chambault, 51100 Reims. Horaire de d\u00e9part : Entre 13h00 et 13h30<\/div>\n<p><a style=\"display: inline-block; background-color: #ff6b6b; color: white; padding: 8px 15px; border-radius: 5px; text-decoration: none; font-weight: bold;\" href=\"'\/\">Pour vous renseigner, contacter <\/a> <\/div>\n<p><!-- En-t\u00eate du mois : Novembre 2026 --><\/p>\n<div id=\"novembre\" style=\"scroll-margin-top: 80px;\"><\/div>\n<div style=\"background-color: #fff3cd; padding: 10px; border-radius: 5px; margin-bottom: 20px; display: flex; align-items: center; gap: 10px;\">\n<div style=\"font-size: 1.2em;\">\ud83d\udcc5<\/div>\n<div style=\"color: #ff6b6b; font-weight: bold;\">Novembre 2026<\/div>\n<\/div>\n<p><!-- \u00c9v\u00e9nement : 29 novembre--><\/p>\n<div style=\"background-color: #fff9e6; border-left: 4px solid #ff6b6b; padding: 15px; margin-bottom: 15px; border-radius: 0 5px 5px 0;\">\n<div style=\"font-weight: bold; color: #ff6b6b; margin-bottom: 10px;\">29 Novembre<\/div>\n<div style=\"display: flex; align-items: center; gap: 10px; margin-bottom: 10px;\">\n<div>\ud83d\udeb4\u200d\u2642\ufe0f<\/div>\n<div style=\"color: #ff6b6b; font-weight: bold;\"><a href=\"'\">Assembl\u00e9e G\u00e9n\u00e9rale du Club<\/a><\/div>\n<\/div>\n<div style=\"color: #666; font-style: italic; margin-bottom: 15px;\">Lieu : Novotel de Tinqueux. Horaire : A partir de 9h00<\/div>\n<p><a style=\"display: inline-block; background-color: #ff6b6b; color: white; padding: 8px 15px; border-radius: 5px; text-decoration: none; font-weight: bold;\" href=\"'\/\">Pour vous renseigner, contacter Didier <\/a> <\/div>\n","protected":false},"excerpt":{"rendered":"<p>\u2139 Les \u00e9tapes du Rallye des Neiges sont ouverts \u00e0 tous, licenci\u00e9s comme non licenci\u00e9s. cela concernent uniquement les \u00e9v\u00e8nements des mois de Janvier, F\u00e9vrier et Mars S\u00e9lectionnez un moisJanvierF\u00e9vrierMarsAvrilMaiJuinJuilletAo\u00fbtSeptembreOctobreNovembreD\u00e9cembre \ud83d\udcc5 Janvier 2026 4 janvier \ud83d\udeb4\u200d\u2642\ufe0f Rallye des Neiges \u2013 \u00c9tape 1 D\u00e9part : Libre Pour vous inscrire 11 janvier \ud83d\udeb4\u200d\u2642\ufe0f Rallye des Neiges \u2013&#8230;<\/p>\n","protected":false},"author":1,"featured_media":0,"parent":0,"menu_order":0,"comment_status":"closed","ping_status":"closed","template":"onecolumn-page.php","meta":{"_acf_changed":false,"inline_featured_image":false,"ngg_post_thumbnail":0,"_kad_post_transparent":"","_kad_post_title":"","_kad_post_layout":"","_kad_post_sidebar_id":"","_kad_post_content_style":"","_kad_post_vertical_padding":"","_kad_post_feature":"","_kad_post_feature_position":"","_kad_post_header":false,"_kad_post_footer":false,"_kad_post_classname":"","footnotes":""},"folder":[],"class_list":["post-48573","page","type-page","status-publish","hentry"],"acf":[],"_links":{"self":[{"href":"https:\/\/cycloclubremois.com\/index.php\/wp-json\/wp\/v2\/pages\/48573","targetHints":{"allow":["GET"]}}],"collection":[{"href":"https:\/\/cycloclubremois.com\/index.php\/wp-json\/wp\/v2\/pages"}],"about":[{"href":"https:\/\/cycloclubremois.com\/index.php\/wp-json\/wp\/v2\/types\/page"}],"author":[{"embeddable":true,"href":"https:\/\/cycloclubremois.com\/index.php\/wp-json\/wp\/v2\/users\/1"}],"replies":[{"embeddable":true,"href":"https:\/\/cycloclubremois.com\/index.php\/wp-json\/wp\/v2\/comments?post=48573"}],"version-history":[{"count":94,"href":"https:\/\/cycloclubremois.com\/index.php\/wp-json\/wp\/v2\/pages\/48573\/revisions"}],"predecessor-version":[{"id":48750,"href":"https:\/\/cycloclubremois.com\/index.php\/wp-json\/wp\/v2\/pages\/48573\/revisions\/48750"}],"wp:attachment":[{"href":"https:\/\/cycloclubremois.com\/index.php\/wp-json\/wp\/v2\/media?parent=48573"}],"wp:term":[{"taxonomy":"folder","embeddable":true,"href":"https:\/\/cycloclubremois.com\/index.php\/wp-json\/wp\/v2\/folder?post=48573"}],"curies":[{"name":"wp","href":"https:\/\/api.w.org\/{rel}","templated":true}]}}