{"id":48534,"date":"2025-12-16T09:21:18","date_gmt":"2025-12-16T08:21:18","guid":{"rendered":"http:\/\/cycloclubremois.com\/?page_id=48534"},"modified":"2026-02-28T10:52:31","modified_gmt":"2026-02-28T09:52:31","slug":"test-page-daccueil","status":"publish","type":"page","link":"https:\/\/cycloclubremois.com\/index.php\/test-page-daccueil\/","title":{"rendered":"Accueil CCR"},"content":{"rendered":"\n<div style=\"position: fixed; bottom: 30px; right: 30px; z-index: 9999;\"><a style=\"display: block; width: 45px; height: 45px; background-color: #e74c3c; color: white; border-radius: 50%; text-align: center; line-height: 45px; text-decoration: none; font-size: 20px; box-shadow: 0 2px 5px rgba(0, 0, 0, 0.3); font-weight: bold; transition: all 0.3s ease;\" href=\"#top-page\">\u2191<\/a><\/div>\n\n\n\n<p><!-- Ancre en haut de page (\u00e0 placer tout en haut de ta page) --><\/p>\n\n\n\n<div id=\"top-page\">&nbsp;<\/div>\n\n\n<div class=\"wp-block-image\">\n<figure class=\"aligncenter\"><img loading=\"lazy\" decoding=\"async\" width=\"800\" height=\"533\" src=\"https:\/\/cycloclubremois.com\/wp-content\/uploads\/2026\/02\/033-depart.jpg\" alt=\"\" class=\"wp-image-50945\" srcset=\"https:\/\/cycloclubremois.com\/wp-content\/uploads\/2026\/02\/033-depart.jpg 800w, https:\/\/cycloclubremois.com\/wp-content\/uploads\/2026\/02\/033-depart-300x200.jpg 300w, https:\/\/cycloclubremois.com\/wp-content\/uploads\/2026\/02\/033-depart-768x512.jpg 768w\" sizes=\"auto, (max-width: 800px) 100vw, 800px\" \/><\/figure>\n<\/div>\n\n\n<div style=\"max-width: 900px; margin: 0 auto; padding: 25px; font-family: 'Segoe UI', Tahoma, Geneva, Verdana, sans-serif; color: #333; background-color: #fff; border-radius: 10px; box-shadow: 0 4px 12px rgba(0, 0, 0, 0.1);\">\n<p><!-- En-t\u00eate du bloc Actualit\u00e9s --><\/p>\n<div style=\"background: linear-gradient(135deg, #e74c3c, #f39c12); color: white; padding: 15px; border-radius: 8px 8px 0 0; text-align: center; margin: -25px -25px 20px -25px; box-shadow: 0 4px 8px rgba(0, 0, 0, 0.1);\">\n<h2 style=\"margin: 0; font-size: 24px;\">Actualit\u00e9s du Cyclo Club R\u00e9mois<\/h2>\n<\/div>\n<p><!-- Conteneur des articles --><\/p>\n<div style=\"display: flex; flex-wrap: wrap; gap: 20px; justify-content: space-between;\">\n<p><!-- Article 1 --><\/p>\n<div style=\"flex: 1 1 300px; background-color: #fefefe; border-radius: 8px; overflow: hidden; box-shadow: 0 2px 8px rgba(0, 0, 0, 0.1);\">\n<figure><img style=\"width: 100%; border-radius: 4px;\"><\/figure>\n<div style=\"background-color: #f8f9fa; padding: 15px;\">&nbsp;<\/div>\n<div style=\"padding: 15px;\">\n<h3 style=\"margin: 0 0 10px 0; color: #e74c3c; font-size: 18px;\">Rallye des Neiges 2026 - Etape 8<\/h3>\n<p style=\"margin: 0 0 10px 0; font-size: 14px; color: #555;\">Les photos de la huiti\u00e8me \u00e9tape du RDN 2026 sont consultables <a href=\"https:\/\/cycloclubremois.com\/index.php\/rdn2026_etape08page\/\">ici<\/a><\/p>\n<figure><img loading=\"lazy\" decoding=\"async\" class=\"aligncenter size-medium wp-image-50791\" src=\"https:\/\/cycloclubremois.com\/wp-content\/uploads\/2026\/02\/RDN2026_Etape08_001-300x200.jpg\" alt=\"\" width=\"300\" height=\"200\" srcset=\"https:\/\/cycloclubremois.com\/wp-content\/uploads\/2026\/02\/RDN2026_Etape08_001-300x200.jpg 300w, https:\/\/cycloclubremois.com\/wp-content\/uploads\/2026\/02\/RDN2026_Etape08_001-1024x683.jpg 1024w, https:\/\/cycloclubremois.com\/wp-content\/uploads\/2026\/02\/RDN2026_Etape08_001-768x512.jpg 768w, https:\/\/cycloclubremois.com\/wp-content\/uploads\/2026\/02\/RDN2026_Etape08_001-1536x1024.jpg 1536w, https:\/\/cycloclubremois.com\/wp-content\/uploads\/2026\/02\/RDN2026_Etape08_001.jpg 1824w\" sizes=\"auto, (max-width: 300px) 100vw, 300px\" \/><\/figure>\n<p>&nbsp;<\/p>\n<p>Pour le compte-rendu de cette huiti\u00e8me \u00e9tape <a style=\"color: #e74c3c; text-decoration: none; font-weight: bold;\" href=\"https:\/\/cycloclubremois.com\/index.php\/etape-8-ecueil-la-garenne\/#compte-rendu\">ici \u2192<\/a><\/p>\n<p><!-- Espace de 20px --><\/p>\n<div style=\"height: 20px;\">&nbsp;<\/div>\n<h3 style=\"margin: 0 0 10px 0; color: #e74c3c; font-size: 18px;\">Rallye des Neiges 2026 - Etape 7<\/h3>\n<p style=\"margin: 0 0 10px 0; font-size: 14px; color: #555;\">Les photos de la septieme \u00e9tape du RDN 2026 sont consultables <a href=\"https:\/\/cycloclubremois.com\/index.php\/rdn2026_etape07\/ \">ici<\/a><\/p>\n<figure><a href=\"https:\/\/cycloclubremois.com\/index.php\/rdn2026_etape07\"><img loading=\"lazy\" decoding=\"async\" class=\"aligncenter size-medium wp-image-50453\" src=\"https:\/\/cycloclubremois.com\/wp-content\/uploads\/2026\/02\/RDN2026_Etape07_01-300x300.jpg\" alt=\"\" width=\"300\" height=\"300\" srcset=\"https:\/\/cycloclubremois.com\/wp-content\/uploads\/2026\/02\/RDN2026_Etape07_01-300x300.jpg 300w, https:\/\/cycloclubremois.com\/wp-content\/uploads\/2026\/02\/RDN2026_Etape07_01-150x150.jpg 150w, https:\/\/cycloclubremois.com\/wp-content\/uploads\/2026\/02\/RDN2026_Etape07_01-768x768.jpg 768w, https:\/\/cycloclubremois.com\/wp-content\/uploads\/2026\/02\/RDN2026_Etape07_01-1024x1024.jpg 1024w\" sizes=\"auto, (max-width: 300px) 100vw, 300px\" \/><\/a><\/figure>\n<p><br>Pour le compte-rendu de cette septi\u00e8me \u00e9tape qui s'est tenue sous une m\u00e9t\u00e9o plut\u00f4t fraiche mais ensoleill\u00e9e <a style=\"color: #e74c3c; text-decoration: none; font-weight: bold;\" href=\"https:\/\/cycloclubremois.com\/index.php\/etape-7-janvry\/#compte-rendu\">ici \u2192<\/a><\/p>\n<p><!-- Espace de 20px --><br>Et en cadeau cette semaine, une superbe vid\u00e9o de notre ami Jean Yves consultatble <a href=\"https:\/\/www.youtube.com\/watch?v=lQVLP2Ty0lQ\">ici<\/a><\/p>\n<div style=\"height: 20px;\">&nbsp;<\/div>\n<p><!-- Espace de 20px --><\/p>\n<div style=\"height: 20px;\">&nbsp;<\/div>\n<p><!-- Espace de 20px --><\/p>\n<div style=\"height: 20px;\">&nbsp;<\/div>\n<div style=\"text-align: right;\">&nbsp;<\/div>\n<\/div>\n<\/div>\n<\/div>\n<\/div>\n\n\n\n<p><br>&nbsp;<br>&nbsp;<\/p>\n\n\n\n\n\n<p><!-- Banni\u00e8re d'accueil --><\/p>\n\n\n\n<div class=\"banner\">\n<h1>Bienvenue au Cyclo Club R\u00e9mois !<\/h1>\n<\/div>\n\n\n\n<p><!-- Menu de navigation --><\/p>\n\n\n\n<nav><!-- \u00c0 adapter avec tes liens -->\n<ul>\n<li><a href=\"https:\/\/cycloclubremois.com\/index.php\/informations-utiles\/\">Le Club<\/a><\/li>\n<li><a href=\"https:\/\/cycloclubremois.com\/index.php\/calendrier\/\">Activit\u00e9s 2025\/2026<\/a><\/li>\n<li><a href=\"https:\/\/cycloclubremois.com\/index.php\/rdn-4\/\">Rallye des Neiges 2026<\/a><\/li>\n<li><a href=\"https:\/\/cycloclubremois.com\/index.php\/bcmr-2025\/\">Le BCMR<\/a><\/li>\n<li><a href=\"http:\/\/cycloclubremois.com\/index.php\/licences-2025\/\">Licences 2026<\/a><\/li>\n<li><a href=\"https:\/\/cycloclubremois.com\/index.php\/informations-utiles\/\">Contact<\/a><\/li>\n<\/ul>\n<\/nav>\n\n\n\n<p><!-- Contenu principal --><\/p>\n\n\n\n<div class=\"container\">\n<p><!-- Section : Qui sommes-nous ? --><\/p>\n<section id=\"club\">\n<h2>Qui sommes-nous ?<\/h2>\n<\/section>\n<div style=\"background: white; border-radius: 8px; box-shadow: 0 4px 6px rgba(0, 0, 0, 0.1); padding: 20px; border-left: 4px solid #27ae60;\">\n<div style=\"display: flex; align-items: flex-start; gap: 15px;\">\n<div style=\"background-color: #fff3cd; padding: 5px 10px; border-radius: 4px; border-left: 3px solid #27ae60; font-weight: bold; color: #27ae60; min-width: 120px; text-align: center;\"><span style=\"color: #ff0000;\">Le CCR<\/span><\/div>\n<div>\n<div style=\"text-align: justify;\">Le Cyclo Club R\u00e9mois est un des plus anciens clubs affili\u00e9s \u00e0 la F\u00e9d\u00e9ration Fran\u00e7aise de Cyclotourisme (FFCT). Il n\u2019a pourtant pas pris une ride et fait toujours preuve d\u2019une vitalit\u00e9 sans faiblesse ni rel\u00e2chement.<br>&nbsp;<br>Chaque dimanche, et toute l\u2019ann\u00e9e, les cyclos au maillot \u00ab<strong>sang et or<\/strong>\u00bb p\u00e9dalent dans la bonne humeur sur toutes les routes de la r\u00e9gion.<br>Ils s\u2019en \u00e9vadent souvent vers des horizons plus lointains pour participer aux brevets, randonn\u00e9es et concentrations, des plus modestes aux plus prestigieux : Bordeaux-Paris, Paris-Roubaix, Paris-Brest-Paris, Brevets Cyclos Montagnards, entre autres. Participation en nombre \u00e9galement aux Semaines f\u00e9d\u00e9rales Internationales de Cyclotourisme, et toutes autres concentrations.<br>&nbsp;<br>Chacun peut donc trouver son bonheur selon ses moyens et ses ambitions au sein du C.C.R.<br>Chaque hiver, le club organise de janvier \u00e0 mars son traditionnel <a href=\"http:\/\/cycloclubremois.com\/index.php\/rdn-4\/\">Rallye des Neiges<\/a> ouvert \u00e0 tous, une bonne et saine remise en condition qui permet de faire connaissance ou de renouer des liens avec les amis d\u2019autres clubs. Ensuite, toute la gamme des brevets randonneurs et audax \u2026.Depuis 2006, un diaporama vient chaque mardi valoriser la balade dominicale du rallye des neiges.<br>&nbsp;<br>En milieu de saison, l\u2019\u00e9preuve phare de la r\u00e9gion, le <a href=\"http:\/\/cycloclubremois.com\/index.php\/bcmr-2025\/\">Brevet Cyclotouriste de la Montagne de Reims<\/a> ( le c\u00e9l\u00e8bre B.C.M.R.) draine vers Reims, environ 1000 \u00e0 1500 cyclos dont bon nombre d\u2019\u00e9trangers. Le succ\u00e8s de cette manifestation n\u2019est plus \u00e0 d\u00e9montrer et a sa place au tout premier rang des \u00e9preuves nationales.<br>&nbsp;<a class=\"btn\" href=\"https:\/\/cycloclubremois.com\/index.php\/adherents\/\">En savoir plus<\/a><\/div>\n<\/div>\n<\/div>\n<\/div>\n<\/div>\n\n\n\n<p><!-- Section : Actualit\u00e9s --><\/p>\n\n\n\n<section id=\"actualites\">\n<h2>Actualit\u00e9s<\/h2>\n<article>\n<h3>L'assembl\u00e9e g\u00e9n\u00e9rale du club<\/h3>\n<figure><a href=\"http:\/\/cycloclubremois.com\/index.php\/photos\/photos-2019\/2025-11-23-a-g-c-c-r\/\"><img loading=\"lazy\" decoding=\"async\" class=\"aligncenter size-medium wp-image-48513\" src=\"http:\/\/cycloclubremois.com\/wp-content\/uploads\/2025\/12\/AG_2025_CCR-300x206.jpg\" alt=\"\" width=\"300\" height=\"206\" srcset=\"https:\/\/cycloclubremois.com\/wp-content\/uploads\/2025\/12\/AG_2025_CCR-300x206.jpg 300w, https:\/\/cycloclubremois.com\/wp-content\/uploads\/2025\/12\/AG_2025_CCR-768x526.jpg 768w, https:\/\/cycloclubremois.com\/wp-content\/uploads\/2025\/12\/AG_2025_CCR-1024x702.jpg 1024w, https:\/\/cycloclubremois.com\/wp-content\/uploads\/2025\/12\/AG_2025_CCR.jpg 1084w\" sizes=\"auto, (max-width: 300px) 100vw, 300px\" \/><\/a><\/figure><p>Le dimanche 23 novembre 2025, les membres du CCR ont \u00e9t\u00e9 invit\u00e9s \u00e0 l'assembl\u00e9e g\u00e9n\u00e9rale du club. Cette AG se d\u00e9roule au <a href=\"https:\/\/all.accor.com\/hotel\/0428\/index.fr.shtml?utm_campaign=seo+maps&amp;utm_medium=seo+maps&amp;utm_source=google+Maps\">Novotel<\/a> de Reims Tinqueux<br>Le reportage de la derni\u00e8re assembl\u00e9e g\u00e9n\u00e9rale (CCR)<br><\/p>\n<p><a href=\" https:\/\/cycloclubremois.com\/index.php\/2025-11-23-a-g-c-c-r\/\">Photos et reportage de la derni\u00e8re AG de novembre 2025<\/a><\/p>\n<\/article>\n<article>\n<h3>Retour sur le BCMR 2025<\/h3>\n<figure><a href=\"http:\/\/cycloclubremois.com\/index.php\/divers\/photo-du-b-c-m-r-2025\/\"><img loading=\"lazy\" decoding=\"async\" class=\"aligncenter size-medium wp-image-48522\" src=\"http:\/\/cycloclubremois.com\/wp-content\/uploads\/2025\/12\/bcmr-300x200.jpg\" alt=\"\" width=\"300\" height=\"200\" srcset=\"https:\/\/cycloclubremois.com\/wp-content\/uploads\/2025\/12\/bcmr-300x200.jpg 300w, https:\/\/cycloclubremois.com\/wp-content\/uploads\/2025\/12\/bcmr-768x512.jpg 768w, https:\/\/cycloclubremois.com\/wp-content\/uploads\/2025\/12\/bcmr.jpg 1024w\" sizes=\"auto, (max-width: 300px) 100vw, 300px\" \/><\/a><\/figure><p>Le reportage du dernier BCMR<br><\/p>\n<p><a href=\"http:\/\/cycloclubremois.com\/index.php\/divers\/photo-du-b-c-m-r-2025\/\">Reportage photos B.C.M.R En ligne<\/a><br><!-- Espace de 20px --><\/p>\n<div style=\"height: 20px;\">&nbsp;<\/div>\n<\/article>\n<\/section>\n\n\n\n<p><!-- Section : \u00c9v\u00e9nements \u00e0 venir --><\/p>\n\n\n\n<section id=\"activites\">\n<h2>\u00c9v\u00e9nements \u00e0 venir<\/h2>\n<div style=\"height: 20px;\">&nbsp;<\/div>\n<h3>\u00c9v\u00e9nements \u00e0 venir<\/h3>\n<p>D\u00e9couvrez nos prochains \u00e9v\u00e9nements et comp\u00e9titions. <a class=\"btn\" href=\"https:\/\/cycloclubremois.com\/index.php\/calendrier\/\">Acc\u00e9der \u00e0 notre calendrier<\/a><\/p>\n<\/section>\n\n\n\n<p><!-- Section : Rallye des Neiges 2026 --><\/p>\n\n\n\n<section id=\"rallye\">\n<h3>Rallye des Neiges 2026<\/h3>\n<p>Ne manquez pas l'un de nos \u00e9v\u00e9nements majeurs de l'ann\u00e9e ! <a href=\"http:\/\/cycloclubremois.com\/index.php\/rdn-4\/\">le c\u00e9l\u00e8bre Rallye des Neiges<\/a><\/p>\n<figure><img loading=\"lazy\" decoding=\"async\" class=\"\" src=\"http:\/\/cycloclubremois.com\/wp-content\/uploads\/2025\/12\/image-ccr-_rdn.png\" alt=\"\" width=\"516\" height=\"516\"><a class=\"btn\" href=\"http:\/\/cycloclubremois.com\/index.php\/rdn-4\/inscription-rdn-2025\/\">Pour vous inscrire<\/a><\/figure>\n<\/section>\n\n\n\n<p><!-- Pied de page --><\/p>\n\n\n\n<footer><\/footer>\n\n\n\n<p>&nbsp;<\/p>\n\n\n\n<div style=\"position: fixed; bottom: 30px; right: 30px; z-index: 9999;\"><a style=\"display: block; width: 45px; height: 45px; background-color: #e74c3c; color: white; border-radius: 50%; text-align: center; line-height: 45px; text-decoration: none; font-size: 20px; box-shadow: 0 2px 5px rgba(0, 0, 0, 0.3); font-weight: bold; transition: all 0.3s ease;\" href=\"#top-page\">\u2191<\/a><\/div>\n","protected":false},"excerpt":{"rendered":"<p>\u2191 &nbsp; Actualit\u00e9s du Cyclo Club R\u00e9mois &nbsp; Rallye des Neiges 2026 &#8211; Etape 8 Les photos de la huiti\u00e8me \u00e9tape du RDN 2026 sont consultables ici &nbsp; Pour le compte-rendu de cette huiti\u00e8me \u00e9tape ici \u2192 &nbsp; Rallye des Neiges 2026 &#8211; Etape 7 Les photos de la septieme \u00e9tape du RDN 2026 sont&#8230;<\/p>\n","protected":false},"author":1,"featured_media":0,"parent":0,"menu_order":0,"comment_status":"closed","ping_status":"closed","template":"","meta":{"_acf_changed":false,"inline_featured_image":false,"ngg_post_thumbnail":0,"_kad_post_transparent":"","_kad_post_title":"","_kad_post_layout":"","_kad_post_sidebar_id":"","_kad_post_content_style":"","_kad_post_vertical_padding":"","_kad_post_feature":"","_kad_post_feature_position":"","_kad_post_header":false,"_kad_post_footer":false,"_kad_post_classname":"","footnotes":""},"folder":[33],"class_list":["post-48534","page","type-page","status-publish","hentry"],"acf":[],"_links":{"self":[{"href":"https:\/\/cycloclubremois.com\/index.php\/wp-json\/wp\/v2\/pages\/48534","targetHints":{"allow":["GET"]}}],"collection":[{"href":"https:\/\/cycloclubremois.com\/index.php\/wp-json\/wp\/v2\/pages"}],"about":[{"href":"https:\/\/cycloclubremois.com\/index.php\/wp-json\/wp\/v2\/types\/page"}],"author":[{"embeddable":true,"href":"https:\/\/cycloclubremois.com\/index.php\/wp-json\/wp\/v2\/users\/1"}],"replies":[{"embeddable":true,"href":"https:\/\/cycloclubremois.com\/index.php\/wp-json\/wp\/v2\/comments?post=48534"}],"version-history":[{"count":154,"href":"https:\/\/cycloclubremois.com\/index.php\/wp-json\/wp\/v2\/pages\/48534\/revisions"}],"predecessor-version":[{"id":51173,"href":"https:\/\/cycloclubremois.com\/index.php\/wp-json\/wp\/v2\/pages\/48534\/revisions\/51173"}],"wp:attachment":[{"href":"https:\/\/cycloclubremois.com\/index.php\/wp-json\/wp\/v2\/media?parent=48534"}],"wp:term":[{"taxonomy":"folder","embeddable":true,"href":"https:\/\/cycloclubremois.com\/index.php\/wp-json\/wp\/v2\/folder?post=48534"}],"curies":[{"name":"wp","href":"https:\/\/api.w.org\/{rel}","templated":true}]}}