{"id":44559,"date":"2024-07-04T11:32:18","date_gmt":"2024-07-04T09:32:18","guid":{"rendered":"http:\/\/cycloclubremois.com\/?page_id=44559"},"modified":"2026-03-07T18:01:45","modified_gmt":"2026-03-07T17:01:45","slug":"reportage-photos-b-c-m-r-2024","status":"publish","type":"page","link":"https:\/\/cycloclubremois.com\/index.php\/divers\/reportage-photos-b-c-m-r-2024\/","title":{"rendered":"Reportage photos B.C.M.R 2024"},"content":{"rendered":"\n<!-- ================================================\n     PAGE REPORTAGE PHOTOS BCMR 2024 - HTML\n     ================================================ -->\n\n<!-- 1. HERO -->\n<div class=\"hero-reportage-bcmr\">\n    <h1>\ud83d\udcf8 Reportage Photos BCMR 2024<\/h1>\n    <p>Revivez en images le Brevet Cyclotouriste de la Montagne de Reims 2024<\/p>\n<\/div>\n\n\n<style>.wp-block-kadence-spacer.kt-block-spacer-44559_992d3f-96 .kt-block-spacer{height:60px;}.wp-block-kadence-spacer.kt-block-spacer-44559_992d3f-96 .kt-divider{border-top-width:1px;height:1px;border-top-color:#eee;width:80%;border-top-style:solid;}<\/style>\n<div class=\"wp-block-kadence-spacer aligncenter kt-block-spacer-44559_992d3f-96\"><div class=\"kt-block-spacer kt-block-spacer-halign-center\"><hr class=\"kt-divider\"\/><\/div><\/div>\n\n\n\n<!-- 2. INTRO -->\n<div class=\"intro-reportage\">\n    <p>\n        <strong>Le Brevet Cyclo de La Montagne de Reims 2024, une r\u00e9ussite.<\/strong>\n    <\/p>\n    \n    <p>Malgr\u00e9 une m\u00e9t\u00e9o mitig\u00e9e en d\u00e9but de matin\u00e9e, plus de 650 cyclistes provenant de plusieurs r\u00e9gions de France et de quelques pays \u00e9trangers se sont \u00e9lanc\u00e9s sur les diff\u00e9rents parcours dimanche dernier. Sur pr\u00e8s de 740 pr\u00e9inscrits et inscrits, cette belle participation t\u00e9moigne du succ\u00e8s de cet \u00e9v\u00e9nement.<\/p>\n\n<p>\u00c0 noter \u00e9galement la pr\u00e9sence de 18 randonneurs qui ont parcouru les environs de Mailly-Champagne.<\/p>\n\n<p>Nous tenons \u00e0 f\u00e9liciter le \u00ab CYCLO CLUB DE BLENDECQUES \u00bb pour sa forte repr\u00e9sentation lors de cette journ\u00e9e. Nous saluons \u00e9galement le retour du club anglais \u00ab NORTH ROAD CYCLING CLUB \u00bb avec 10 cyclistes cette ann\u00e9e.<\/p>\n\n<p>Enfin, une mention sp\u00e9ciale \u00e0 notre v\u00e9t\u00e9ran de 87 ans ainsi qu'\u00e0 nos 5 plus jeunes participants \u00e2g\u00e9s de 8 \u00e0 11 ans, qui ont tous r\u00e9ussi \u00e0 parcourir 50 km.<\/p>\n\n<p>Cet \u00e9v\u00e9nement n'aurait pas \u00e9t\u00e9 possible sans l'implication et le d\u00e9vouement de l'ensemble des b\u00e9n\u00e9voles du Cyclo Club R\u00e9mois, qui ont contribu\u00e9 \u00e0 la r\u00e9ussite de cette journ\u00e9e dans un esprit de convivialit\u00e9.<\/p>\n    \n   \n<\/div>\n\n\n<style>.wp-block-kadence-spacer.kt-block-spacer-44559_f23405-96 .kt-block-spacer{height:60px;}.wp-block-kadence-spacer.kt-block-spacer-44559_f23405-96 .kt-divider{border-top-width:1px;height:1px;border-top-color:#eee;width:80%;border-top-style:solid;}<\/style>\n<div class=\"wp-block-kadence-spacer aligncenter kt-block-spacer-44559_f23405-96\"><div class=\"kt-block-spacer kt-block-spacer-halign-center\"><hr class=\"kt-divider\"\/><\/div><\/div>\n\n\n\n<!-- 3. BLOC REMERCIEMENTS -->\n<div class=\"bloc-remerciements\">\n    <h3>Remerciements<\/h3>\n    \n    <p style=\"font-size: 17px; color: #555; margin-bottom: 20px;\">\n        <strong>Bon \u00e9t\u00e9 \u00e0 tous et encore un grand merci aux b\u00e9n\u00e9voles !<\/strong>\n    <\/p>\n    \n    <div class=\"liste-photographes\">\n        <h4 style=\"font-family: 'Rajdhani', sans-serif; font-size: 20px; font-weight: 700; color: #e67e22; margin: 0 0 15px 0;\">\n            Les photographes :\n        <\/h4>\n        <ul>\n            <li>G\u00e9rard M \u00e0 Champfleury<\/li>\n            <li>Jacky C \u00e0 Ch\u00e2tillon-sur-Marne<\/li>\n            <li>Pascal P et Pierre B \u00e0 Mailly<\/li>\n            <li>Claudy CH \u00e0 Pourcy<\/li>\n        <\/ul>\n    <\/div>\n    \n    \n<\/div>\n\n\n<style>.wp-block-kadence-spacer.kt-block-spacer-44559_c1ced1-20 .kt-block-spacer{height:60px;}.wp-block-kadence-spacer.kt-block-spacer-44559_c1ced1-20 .kt-divider{border-top-width:1px;height:1px;border-top-color:#eee;width:80%;border-top-style:solid;}<\/style>\n<div class=\"wp-block-kadence-spacer aligncenter kt-block-spacer-44559_c1ced1-20\"><div class=\"kt-block-spacer kt-block-spacer-halign-center\"><hr class=\"kt-divider\"\/><\/div><\/div>\n\n\n\n<!-- 4. GALERIES PHOTOS -->\n<h2 style=\"font-family: 'Rajdhani', sans-serif; font-size: 36px; font-weight: 700; color: #1976d2; text-transform: uppercase; letter-spacing: 2px; text-align: center; margin: 60px 0 40px 0;\">\n    \ud83d\udcf7 Les galeries photos\n<\/h2>\n\n<div class=\"galeries-grid\">\n    \n    <!-- Galerie 1 -->\n    <a href=\"https:\/\/cycloclubremois.com\/index.php\/b-c-m-r-2024-1-page\/\n\" class=\"galerie-card\">\n        <img decoding=\"async\" src=\"https:\/\/cycloclubremois.com\/wp-content\/gallery\/b-c-m-r-1\/0.jpg\" alt=\"BCMR 2024 - Partie 1\" class=\"galerie-image\">\n        <div class=\"galerie-body\">\n            <h3 class=\"galerie-titre\">B.C.M.R 2024 - Partie 1<\/h3>\n        <\/div>\n    <\/a>\n    \n    <!-- Galerie 2 -->\n    <a href=\"https:\/\/cycloclubremois.com\/index.php\/b-c-m-r-2024-2-page\/\n\" class=\"galerie-card\">\n        <img decoding=\"async\" src=\"https:\/\/cycloclubremois.com\/wp-content\/gallery\/b-c-m-r-2024-2\/3O7A9417.jpg\" alt=\"BCMR 2024 - Partie 2\" class=\"galerie-image\">\n        <div class=\"galerie-body\">\n            <h3 class=\"galerie-titre\">B.C.M.R 2025 - Partie 2<\/h3>\n        <\/div>\n    <\/a>\n        \n      \n<\/div>\n\n\n\n\n\n<p><\/p>\n\n\n\n\n\n\n","protected":false},"excerpt":{"rendered":"<p>\ud83d\udcf8 Reportage Photos BCMR 2024 Revivez en images le Brevet Cyclotouriste de la Montagne de Reims 2024 Le Brevet Cyclo de La Montagne de Reims 2024, une r\u00e9ussite. Malgr\u00e9 une m\u00e9t\u00e9o mitig\u00e9e en d\u00e9but de matin\u00e9e, plus de 650 cyclistes provenant de plusieurs r\u00e9gions de France et de quelques pays \u00e9trangers se sont \u00e9lanc\u00e9s sur&#8230;<\/p>\n","protected":false},"author":1,"featured_media":0,"parent":6368,"menu_order":0,"comment_status":"open","ping_status":"closed","template":"","meta":{"_acf_changed":false,"inline_featured_image":false,"ngg_post_thumbnail":0,"_kad_post_transparent":"","_kad_post_title":"","_kad_post_layout":"","_kad_post_sidebar_id":"","_kad_post_content_style":"","_kad_post_vertical_padding":"","_kad_post_feature":"","_kad_post_feature_position":"","_kad_post_header":false,"_kad_post_footer":false,"_kad_post_classname":"","footnotes":""},"folder":[],"class_list":["post-44559","page","type-page","status-publish","hentry"],"acf":[],"_links":{"self":[{"href":"https:\/\/cycloclubremois.com\/index.php\/wp-json\/wp\/v2\/pages\/44559","targetHints":{"allow":["GET"]}}],"collection":[{"href":"https:\/\/cycloclubremois.com\/index.php\/wp-json\/wp\/v2\/pages"}],"about":[{"href":"https:\/\/cycloclubremois.com\/index.php\/wp-json\/wp\/v2\/types\/page"}],"author":[{"embeddable":true,"href":"https:\/\/cycloclubremois.com\/index.php\/wp-json\/wp\/v2\/users\/1"}],"replies":[{"embeddable":true,"href":"https:\/\/cycloclubremois.com\/index.php\/wp-json\/wp\/v2\/comments?post=44559"}],"version-history":[{"count":7,"href":"https:\/\/cycloclubremois.com\/index.php\/wp-json\/wp\/v2\/pages\/44559\/revisions"}],"predecessor-version":[{"id":51748,"href":"https:\/\/cycloclubremois.com\/index.php\/wp-json\/wp\/v2\/pages\/44559\/revisions\/51748"}],"up":[{"embeddable":true,"href":"https:\/\/cycloclubremois.com\/index.php\/wp-json\/wp\/v2\/pages\/6368"}],"wp:attachment":[{"href":"https:\/\/cycloclubremois.com\/index.php\/wp-json\/wp\/v2\/media?parent=44559"}],"wp:term":[{"taxonomy":"folder","embeddable":true,"href":"https:\/\/cycloclubremois.com\/index.php\/wp-json\/wp\/v2\/folder?post=44559"}],"curies":[{"name":"wp","href":"https:\/\/api.w.org\/{rel}","templated":true}]}}