{"id":41631,"date":"2023-06-29T14:10:16","date_gmt":"2023-06-29T12:10:16","guid":{"rendered":"http:\/\/cycloclubremois.com\/?page_id=41631"},"modified":"2025-12-29T11:33:52","modified_gmt":"2025-12-29T10:33:52","slug":"infos-et-reportage-photos-b-c-m-r-2023","status":"publish","type":"page","link":"https:\/\/cycloclubremois.com\/index.php\/divers\/infos-et-reportage-photos-b-c-m-r-2023\/","title":{"rendered":"Infos et reportage Photos B.C.M.R 2023"},"content":{"rendered":"<div style=\"max-width: 800px; margin: 0 auto; padding: 25px; font-family: 'Segoe UI', Tahoma, Geneva, Verdana, sans-serif; color: #333; background-color: #fff; border-radius: 10px; box-shadow: 0 4px 12px rgba(0, 0, 0, 0.1);\">\n<p><!-- En-t\u00eate avec fond color\u00e9 --><\/p>\n<div style=\"background: linear-gradient(135deg, #ff6b6b, #ffd166); color: white; padding: 15px; border-radius: 8px 8px 0 0; text-align: center; margin: -25px -25px 20px -25px; box-shadow: 0 4px 8px rgba(0, 0, 0, 0.1);\">\n<h1 style=\"margin: 0; font-size: 24px;\">Infos et reportage Photos B.C.M.R 2023<\/h1>\n<\/div>\n<p><!-- Introduction --><\/p>\n<div style=\"text-align: center; margin-bottom: 25px;\">\n<h2 style=\"color: #2c3e50; font-size: 22px; margin-bottom: 15px;\">Encore une belle r\u00e9ussite pour notre B.C.M.R 2023<\/h2>\n<p style=\"font-size: 16px; color: #555; line-height: 1.6;\">Une m\u00e9t\u00e9o tr\u00e8s cl\u00e9mente, m\u00eame un peu trop l\u2019apr\u00e8s-midi, a rendu un fier service \u00e0 notre B.C.M.R 2023.<\/p>\n<\/div>\n<p><!-- Contenu principal avec ic\u00f4nes et mise en forme --><\/p>\n<div style=\"margin-bottom: 25px;\">\n<div style=\"display: flex; align-items: flex-start; margin-bottom: 15px;\">\n<div style=\"margin-right: 15px; color: #ff6b6b; font-size: 24px;\">\ud83d\udeb4<\/div>\n<p style=\"margin: 0; font-size: 16px; line-height: 1.6;\"><strong>840 participants<\/strong> se sont \u00e9lanc\u00e9s du nouveau point de d\u00e9part situ\u00e9 au Foyer Rural de Champfleury, un lieu orchestr\u00e9 d\u2019une main de ma\u00eetre par notre ami Michel Bougy.<\/p>\n<\/div>\n<div style=\"display: flex; align-items: flex-start; margin-bottom: 15px;\">\n<div style=\"margin-right: 15px; color: #ff6b6b; font-size: 24px;\">\ud83d\udc65<\/div>\n<p style=\"margin: 0; font-size: 16px; line-height: 1.6;\">Les b\u00e9n\u00e9voles du Club, comme d\u2019habitude ont jou\u00e9 un r\u00f4le tr\u00e8s important dans notre organisation : accueil, convivialit\u00e9, efficacit\u00e9 \u00e9taient de mise !<\/p>\n<\/div>\n<div style=\"display: flex; align-items: flex-start; margin-bottom: 15px;\">\n<div style=\"margin-right: 15px; color: #ff6b6b; font-size: 24px;\">\ud83c\udfc6<\/div>\n<p style=\"margin: 0; font-size: 16px; line-height: 1.6;\">Monsieur le Maire de Champfleury, lors de la remise des prix a reconduit notre manifestation pour 2024. Qu\u2019il en soit remerci\u00e9.<\/p>\n<\/div>\n<div style=\"display: flex; align-items: flex-start; margin-bottom: 15px;\">\n<div style=\"margin-right: 15px; color: #ff6b6b; font-size: 24px;\">\ud83d\udc4f<\/div>\n<p style=\"margin: 0; font-size: 16px; line-height: 1.6;\">Un grand bravo \u00e0 tous les participants qui par leurs t\u00e9moignages \u00e9loquents nous ont fait plaisir et d\u00e9cider de renouveler notre \u00e9preuve Reine en 2024.<\/p>\n<\/div>\n<\/div>\n<p><!-- Conclusion --><\/p>\n<div style=\"text-align: center; margin-bottom: 25px;\">\n<p style=\"font-size: 16px; color: #555; line-height: 1.6;\">Bon \u00e9t\u00e9 \u00e0 tous et encore un grand merci aux b\u00e9n\u00e9voles<\/p>\n<\/div>\n<p><!-- Section pour les photos (\u00e0 adapter selon vos besoins) --><\/p>\n<div style=\"text-align: center;\">\n<p style=\"font-size: 16px; color: #7f8c8d; margin-bottom: 15px;\">Retrouvez les photos de l'\u00e9v\u00e9nement ci-dessous :<\/p>\nngg_shortcode_0_placeholder<\/div>\n<p>&nbsp;<\/p>\n<\/div>\n","protected":false},"excerpt":{"rendered":"<p>Infos et reportage Photos B.C.M.R 2023 Encore une belle r\u00e9ussite pour notre B.C.M.R 2023 Une m\u00e9t\u00e9o tr\u00e8s cl\u00e9mente, m\u00eame un peu trop l\u2019apr\u00e8s-midi, a rendu un fier service \u00e0 notre B.C.M.R 2023. \ud83d\udeb4 840 participants se sont \u00e9lanc\u00e9s du nouveau point de d\u00e9part situ\u00e9 au Foyer Rural de Champfleury, un lieu orchestr\u00e9 d\u2019une main de&#8230;<\/p>\n","protected":false},"author":1,"featured_media":0,"parent":6368,"menu_order":0,"comment_status":"open","ping_status":"closed","template":"","meta":{"_acf_changed":false,"inline_featured_image":false,"ngg_post_thumbnail":0,"_kad_post_transparent":"","_kad_post_title":"","_kad_post_layout":"","_kad_post_sidebar_id":"","_kad_post_content_style":"","_kad_post_vertical_padding":"","_kad_post_feature":"","_kad_post_feature_position":"","_kad_post_header":false,"_kad_post_footer":false,"_kad_post_classname":"","footnotes":""},"folder":[],"class_list":["post-41631","page","type-page","status-publish","hentry"],"acf":[],"_links":{"self":[{"href":"https:\/\/cycloclubremois.com\/index.php\/wp-json\/wp\/v2\/pages\/41631","targetHints":{"allow":["GET"]}}],"collection":[{"href":"https:\/\/cycloclubremois.com\/index.php\/wp-json\/wp\/v2\/pages"}],"about":[{"href":"https:\/\/cycloclubremois.com\/index.php\/wp-json\/wp\/v2\/types\/page"}],"author":[{"embeddable":true,"href":"https:\/\/cycloclubremois.com\/index.php\/wp-json\/wp\/v2\/users\/1"}],"replies":[{"embeddable":true,"href":"https:\/\/cycloclubremois.com\/index.php\/wp-json\/wp\/v2\/comments?post=41631"}],"version-history":[{"count":13,"href":"https:\/\/cycloclubremois.com\/index.php\/wp-json\/wp\/v2\/pages\/41631\/revisions"}],"predecessor-version":[{"id":49056,"href":"https:\/\/cycloclubremois.com\/index.php\/wp-json\/wp\/v2\/pages\/41631\/revisions\/49056"}],"up":[{"embeddable":true,"href":"https:\/\/cycloclubremois.com\/index.php\/wp-json\/wp\/v2\/pages\/6368"}],"wp:attachment":[{"href":"https:\/\/cycloclubremois.com\/index.php\/wp-json\/wp\/v2\/media?parent=41631"}],"wp:term":[{"taxonomy":"folder","embeddable":true,"href":"https:\/\/cycloclubremois.com\/index.php\/wp-json\/wp\/v2\/folder?post=41631"}],"curies":[{"name":"wp","href":"https:\/\/api.w.org\/{rel}","templated":true}]}}