{"id":32880,"date":"2020-06-02T15:43:07","date_gmt":"2020-06-02T13:43:07","guid":{"rendered":"http:\/\/cycloclubremois.com\/?page_id=32880"},"modified":"2023-08-14T14:00:04","modified_gmt":"2023-08-14T12:00:04","slug":"au-revoir-jacqueline","status":"publish","type":"page","link":"https:\/\/cycloclubremois.com\/index.php\/divers\/au-revoir-jacqueline\/","title":{"rendered":"Au revoir Jacqueline"},"content":{"rendered":"<p style=\"text-align: center;\"><strong><span style=\"font-size: 18pt; color: #000080;\">Pour toi Jacqueline on ne t\u2019oubliera pas <\/span><\/strong><\/p>\n<p style=\"text-align: center;\"><img loading=\"lazy\" decoding=\"async\" class=\"aligncenter size-full wp-image-32884\" src=\"http:\/\/cycloclubremois.com\/wp-content\/uploads\/2020\/06\/Jacqueline.jpg\" alt=\"\" width=\"409\" height=\"600\" srcset=\"https:\/\/cycloclubremois.com\/wp-content\/uploads\/2020\/06\/Jacqueline.jpg 409w, https:\/\/cycloclubremois.com\/wp-content\/uploads\/2020\/06\/Jacqueline-205x300.jpg 205w\" sizes=\"auto, (max-width: 409px) 100vw, 409px\" \/><\/p>\n<p style=\"text-align: justify;\"><strong><span style=\"color: #000080;\">En respect des mesures Gouvernementales un petit comit\u00e9 a accompagn\u00e9 Jacqueline vers sa derni\u00e8re demeure; une douzaine de C\u00e9c\u00e9ristes \u00e9taient pr\u00e9sent. Pascal P\u00e9rignon pr\u00e9sent a \u00e9crit et lu un bel \u00e9loge pour notre Jacqueline...........<\/span><\/strong><\/p>\n<div dir=\"auto\">\n<p align=\"CENTER\"><span style=\"font-size: large; color: #800000;\"><b>Jacqueline<\/b><\/span><\/p>\n<p><span style=\"font-size: large; color: #800000;\">Jacqueline, un petit bout de femme&nbsp;: petite par la taille assur\u00e9ment mais grande par la volont\u00e9 et son caract\u00e8re bien tremp\u00e9.<\/span><\/p>\n<p align=\"JUSTIFY\"><span style=\"font-size: large; color: #800000;\">Et si vous lui demandiez quel est son trait de caract\u00e8re, elle vous r\u00e9pondait dans un sourire,\" je suis t\u00eatue car quand j'ai une id\u00e9e, j'aime bien aller au bout de ce que j'ai d\u00e9cid\u00e9\".<\/span><\/p>\n<p align=\"JUSTIFY\"><span style=\"font-size: large; color: #800000;\">Ainsi par exemple elle s\u2019\u00e9tait fix\u00e9e l\u2019objectif pour ses 80 ans de rallier \u00e0 v\u00e9lo Strasbourg.<\/span><\/p>\n<p align=\"JUSTIFY\"><span style=\"font-size: large; color: #800000;\">Avec une pr\u00e9paration pas aussi optimum que ce qu'elle aurait souhait\u00e9 en perfectionniste inv\u00e9t\u00e9r\u00e9e et en \"stakanoviste\" du bitume. Eh oui ce n'\u00e9tait pas les kilom\u00e8tres qui l'effrayaient avec 2 ou 3 sorties par semaine de pr\u00e9f\u00e9rence avec quelques bosses qu'elle affectionnait.<\/span><\/p>\n<p align=\"JUSTIFY\"><span style=\"font-size: large; color: #800000;\">Mais ces bosses \u00e0 80 ans \u00e9taient plus pentues. Ainsi pour rallier Strasbourg nous empruntions le Col du Donon apr\u00e8s quelques heures de selle et Jacqueline rencontrait de r\u00e9elles difficult\u00e9s \u00e0 gravir le col. Apr\u00e8s d\u2019\u00e2pres discussion, je parvenais \u00e0 la convaincre de monter dans la camionnette. Mais \u00e0 la vue du sommet du col, il fallut la d\u00e9barquer car elle voulait terminer \u00e0 v\u00e9lo. Mieux m\u00eame, Armelle lui ayant dit que les derniers kilom\u00e8tres \u00e9taient moins pentus&nbsp;: elle redescendait quelques centaines de m\u00e8tres avant de remonter le col. Ce n\u2019\u00e9tait pas de la fiert\u00e9 mais la volont\u00e9 d\u2019aller au bout de son objectif.<\/span><\/p>\n<p align=\"JUSTIFY\"><span style=\"font-size: large; color: #800000;\">Mais ne vous dites pas qu'\u00e0 son \u00e2ge..... car Jacqueline roulait depuis longtemps, plus de 40 ans, qu'elle parcourait pr\u00e8s de 4.000 kms chaque ann\u00e9e m\u00eame au temps de son activit\u00e9 professionnelle \u00e0 la Banque de France, elle adorait les s\u00e9jours organis\u00e9s par le club et elle collectionnait bon nombre de Provinces Fran\u00e7aises tant son envie de d\u00e9couvrir son pays s'\u00e9tait transform\u00e9 en qu\u00eate des BPF. <\/span><\/p>\n<p align=\"JUSTIFY\"><span style=\"font-size: large; color: #800000;\">Qu\u00eate imp\u00e9rieuse. Nous s\u00e9journions \u00e0 Mesland avec un programme pr\u00e9d\u00e9fini mais Jacqueline voulait absolument aller \u00e0 Ch\u00e2teau-Renault pour enrichir sa collection de BPF. Malgr\u00e9 une r\u00e9sistance certaine du groupe et sa menace d\u2019y aller seule, nous l\u2019avons accompagn\u00e9 \u00e0 Ch\u00e2teau-Renault. Elle savait persuader\u2026.<\/span><\/p>\n<p align=\"JUSTIFY\"><span style=\"font-size: large; color: #800000;\">Autre trait de son caract\u00e8re l\u2019impatience avec souvent comme exutoire Yolan dont le calme, la fausse placidit\u00e9 ressemblait \u00e0 un jeu entre eux.<\/span><\/p>\n<p align=\"JUSTIFY\"><span style=\"font-size: large; color: #800000;\">Mais Jacqueline \u00e9tait surtout la gentillesse, une discr\u00e9tion quasi maladive, l\u2019impossibilit\u00e9 de se f\u00e2cher avec elle, une culture av\u00e9r\u00e9e, une curiosit\u00e9 dans tous les domaines, la soif de lire.<\/span><\/p>\n<p align=\"JUSTIFY\"><span style=\"font-size: large; color: #800000;\">J\u2019ai pu appr\u00e9cier toutes ces facettes de Jacqueline lors de notre cohabitation sur les bords du lac des Settons en 2017 o\u00f9 elle avait renonc\u00e9 \u00e0 p\u00e9daler. Et je garde de ces moments o\u00f9 nous \u00e9tions seuls, une tendresse qui j\u2019esp\u00e8re va l\u2019accompagner dans son \u00e9chapp\u00e9e solitaire v\u00eatue de ce maillot qu\u2019elle ch\u00e9rissait.<\/span><\/p>\n<p align=\"CENTER\"><span style=\"font-size: large; color: #800000;\">Pascal P\u00e9rignon<\/span><\/p>\n<p align=\"CENTER\"><a href=\"http:\/\/cycloclubremois.com\/wp-content\/uploads\/2018\/02\/JACQUELINE-CHEVIN.pdf\" target=\"_blank\" rel=\"noopener\">Retrouvez l\u2019interview \" QUI EST TU \" de Jacqueline r\u00e9alis\u00e9 par Florian en Novembre 2012&nbsp;<\/a> &nbsp;<\/p>\n<\/div>\n<div dir=\"auto\">&nbsp;<\/div>\n","protected":false},"excerpt":{"rendered":"<p>Pour toi Jacqueline on ne t\u2019oubliera pas En respect des mesures Gouvernementales un petit comit\u00e9 a accompagn\u00e9 Jacqueline vers sa derni\u00e8re demeure; une douzaine de C\u00e9c\u00e9ristes \u00e9taient pr\u00e9sent. Pascal P\u00e9rignon pr\u00e9sent a \u00e9crit et lu un bel \u00e9loge pour notre Jacqueline&#8230;&#8230;&#8230;.. Jacqueline Jacqueline, un petit bout de femme&nbsp;: petite par la taille assur\u00e9ment mais grande&#8230;<\/p>\n","protected":false},"author":1,"featured_media":0,"parent":6368,"menu_order":0,"comment_status":"open","ping_status":"closed","template":"","meta":{"_acf_changed":false,"inline_featured_image":false,"ngg_post_thumbnail":0,"_kad_post_transparent":"","_kad_post_title":"","_kad_post_layout":"","_kad_post_sidebar_id":"","_kad_post_content_style":"","_kad_post_vertical_padding":"","_kad_post_feature":"","_kad_post_feature_position":"","_kad_post_header":false,"_kad_post_footer":false,"_kad_post_classname":"","footnotes":""},"folder":[],"class_list":["post-32880","page","type-page","status-publish","hentry"],"acf":[],"_links":{"self":[{"href":"https:\/\/cycloclubremois.com\/index.php\/wp-json\/wp\/v2\/pages\/32880","targetHints":{"allow":["GET"]}}],"collection":[{"href":"https:\/\/cycloclubremois.com\/index.php\/wp-json\/wp\/v2\/pages"}],"about":[{"href":"https:\/\/cycloclubremois.com\/index.php\/wp-json\/wp\/v2\/types\/page"}],"author":[{"embeddable":true,"href":"https:\/\/cycloclubremois.com\/index.php\/wp-json\/wp\/v2\/users\/1"}],"replies":[{"embeddable":true,"href":"https:\/\/cycloclubremois.com\/index.php\/wp-json\/wp\/v2\/comments?post=32880"}],"version-history":[{"count":3,"href":"https:\/\/cycloclubremois.com\/index.php\/wp-json\/wp\/v2\/pages\/32880\/revisions"}],"predecessor-version":[{"id":32885,"href":"https:\/\/cycloclubremois.com\/index.php\/wp-json\/wp\/v2\/pages\/32880\/revisions\/32885"}],"up":[{"embeddable":true,"href":"https:\/\/cycloclubremois.com\/index.php\/wp-json\/wp\/v2\/pages\/6368"}],"wp:attachment":[{"href":"https:\/\/cycloclubremois.com\/index.php\/wp-json\/wp\/v2\/media?parent=32880"}],"wp:term":[{"taxonomy":"folder","embeddable":true,"href":"https:\/\/cycloclubremois.com\/index.php\/wp-json\/wp\/v2\/folder?post=32880"}],"curies":[{"name":"wp","href":"https:\/\/api.w.org\/{rel}","templated":true}]}}